{"id":1087,"date":"2024-11-24T16:50:36","date_gmt":"2024-11-24T15:50:36","guid":{"rendered":"https:\/\/vertecentrum.pl\/?page_id=1087"},"modified":"2025-09-24T21:29:05","modified_gmt":"2025-09-24T19:29:05","slug":"psycholog-psychoterapeuta","status":"publish","type":"page","link":"https:\/\/vertecentrum.pl\/index.php\/psycholog-psychoterapeuta\/","title":{"rendered":"Psycholog Psychoterapeuta"},"content":{"rendered":"\t\t<div data-elementor-type=\"wp-page\" data-elementor-id=\"1087\" class=\"elementor elementor-1087\" data-elementor-post-type=\"page\">\n\t\t\t\t<div class=\"elementor-element elementor-element-e35b42a e-flex e-con-boxed e-con e-parent\" data-id=\"e35b42a\" data-element_type=\"container\" data-e-type=\"container\">\n\t\t\t\t\t<div class=\"e-con-inner\">\n\t\t<div class=\"elementor-element elementor-element-44e3434 e-con-full e-flex e-con e-child\" data-id=\"44e3434\" data-element_type=\"container\" data-e-type=\"container\">\n\t\t<div class=\"elementor-element elementor-element-c85aaed e-grid e-con-full e-con e-child\" data-id=\"c85aaed\" data-element_type=\"container\" data-e-type=\"container\">\n\t\t\t\t<div class=\"elementor-element elementor-element-2916414 elementor-widget elementor-widget-image\" data-id=\"2916414\" data-element_type=\"widget\" data-e-type=\"widget\" data-widget_type=\"image.default\">\n\t\t\t\t<div class=\"elementor-widget-container\">\n\t\t\t\t\t\t\t\t\t\t\t\t\t\t\t<img fetchpriority=\"high\" decoding=\"async\" width=\"768\" height=\"768\" src=\"https:\/\/vertecentrum.pl\/wp-content\/uploads\/2024\/11\/Projekt-bez-nazwy-11-768x768.png\" class=\"attachment-medium_large size-medium_large wp-image-1089\" alt=\"\" srcset=\"https:\/\/vertecentrum.pl\/wp-content\/uploads\/2024\/11\/Projekt-bez-nazwy-11-768x768.png 768w, https:\/\/vertecentrum.pl\/wp-content\/uploads\/2024\/11\/Projekt-bez-nazwy-11-300x300.png 300w, https:\/\/vertecentrum.pl\/wp-content\/uploads\/2024\/11\/Projekt-bez-nazwy-11-1024x1024.png 1024w, https:\/\/vertecentrum.pl\/wp-content\/uploads\/2024\/11\/Projekt-bez-nazwy-11-150x150.png 150w, https:\/\/vertecentrum.pl\/wp-content\/uploads\/2024\/11\/Projekt-bez-nazwy-11.png 1080w\" sizes=\"(max-width: 768px) 100vw, 768px\" \/>\t\t\t\t\t\t\t\t\t\t\t\t\t\t\t<\/div>\n\t\t\t\t<\/div>\n\t\t\t\t<div class=\"elementor-element elementor-element-5ac24f7 elementor-widget elementor-widget-image\" data-id=\"5ac24f7\" data-element_type=\"widget\" data-e-type=\"widget\" data-widget_type=\"image.default\">\n\t\t\t\t<div class=\"elementor-widget-container\">\n\t\t\t\t\t\t\t\t\t\t\t\t\t\t\t<img decoding=\"async\" width=\"768\" height=\"768\" src=\"https:\/\/vertecentrum.pl\/wp-content\/uploads\/2024\/11\/Projekt-bez-nazwy-10-768x768.png\" class=\"attachment-medium_large size-medium_large wp-image-1090\" alt=\"\" srcset=\"https:\/\/vertecentrum.pl\/wp-content\/uploads\/2024\/11\/Projekt-bez-nazwy-10-768x768.png 768w, https:\/\/vertecentrum.pl\/wp-content\/uploads\/2024\/11\/Projekt-bez-nazwy-10-300x300.png 300w, https:\/\/vertecentrum.pl\/wp-content\/uploads\/2024\/11\/Projekt-bez-nazwy-10-1024x1024.png 1024w, https:\/\/vertecentrum.pl\/wp-content\/uploads\/2024\/11\/Projekt-bez-nazwy-10-150x150.png 150w, https:\/\/vertecentrum.pl\/wp-content\/uploads\/2024\/11\/Projekt-bez-nazwy-10.png 1080w\" sizes=\"(max-width: 768px) 100vw, 768px\" \/>\t\t\t\t\t\t\t\t\t\t\t\t\t\t\t<\/div>\n\t\t\t\t<\/div>\n\t\t\t\t<div class=\"elementor-element elementor-element-067a34e elementor-widget elementor-widget-image\" data-id=\"067a34e\" data-element_type=\"widget\" data-e-type=\"widget\" data-widget_type=\"image.default\">\n\t\t\t\t<div class=\"elementor-widget-container\">\n\t\t\t\t\t\t\t\t\t\t\t\t\t\t\t<img decoding=\"async\" width=\"768\" height=\"509\" src=\"https:\/\/vertecentrum.pl\/wp-content\/uploads\/2024\/11\/Projekt-bez-nazwy-12-e1751913136933-768x509.png\" class=\"attachment-medium_large size-medium_large wp-image-1088\" alt=\"\" srcset=\"https:\/\/vertecentrum.pl\/wp-content\/uploads\/2024\/11\/Projekt-bez-nazwy-12-e1751913136933-768x509.png 768w, https:\/\/vertecentrum.pl\/wp-content\/uploads\/2024\/11\/Projekt-bez-nazwy-12-e1751913136933-300x199.png 300w, https:\/\/vertecentrum.pl\/wp-content\/uploads\/2024\/11\/Projekt-bez-nazwy-12-e1751913136933-1024x679.png 1024w, https:\/\/vertecentrum.pl\/wp-content\/uploads\/2024\/11\/Projekt-bez-nazwy-12-e1751913136933.png 1080w\" sizes=\"(max-width: 768px) 100vw, 768px\" \/>\t\t\t\t\t\t\t\t\t\t\t\t\t\t\t<\/div>\n\t\t\t\t<\/div>\n\t\t\t\t<\/div>\n\t\t\t\t<\/div>\n\t\t<div class=\"elementor-element elementor-element-7e52704 e-con-full e-flex e-con e-child\" data-id=\"7e52704\" data-element_type=\"container\" data-e-type=\"container\">\n\t\t\t\t<div class=\"elementor-element elementor-element-dd3f794 elementor-widget elementor-widget-heading\" data-id=\"dd3f794\" data-element_type=\"widget\" data-e-type=\"widget\" data-widget_type=\"heading.default\">\n\t\t\t\t<div class=\"elementor-widget-container\">\n\t\t\t\t\t<h1 class=\"elementor-heading-title elementor-size-default\">Psycholog i psychoterapeuta \u2013 wsparcie w Twojej drodze do zdrowia psychicznego<\/h1>\t\t\t\t<\/div>\n\t\t\t\t<\/div>\n\t\t\t\t<div class=\"elementor-element elementor-element-866ef04 elementor-widget elementor-widget-text-editor\" data-id=\"866ef04\" data-element_type=\"widget\" data-e-type=\"widget\" data-widget_type=\"text-editor.default\">\n\t\t\t\t<div class=\"elementor-widget-container\">\n\t\t\t\t\t\t\t\t\t<p>W Verte Centrum Zdrowia oferujemy kompleksowe us\u0142ugi psychologiczne i psychoterapeutyczne, pomagaj\u0105c naszym pacjentom w odzyskiwaniu r\u00f3wnowagi emocjonalnej i poprawie jako\u015bci \u017cycia. Nasz zesp\u00f3\u0142 do\u015bwiadczonych specjalist\u00f3w wspiera zar\u00f3wno doros\u0142ych, dzieci, m\u0142odzie\u017c, jak i pary oraz rodziny w radzeniu sobie z trudno\u015bciami dnia codziennego, kryzysami \u017cyciowymi oraz zaburzeniami psychicznymi.<\/p>\t\t\t\t\t\t\t\t<\/div>\n\t\t\t\t<\/div>\n\t\t\t\t<div class=\"elementor-element elementor-element-a2dcf1f elementor-widget elementor-widget-heading\" data-id=\"a2dcf1f\" data-element_type=\"widget\" data-e-type=\"widget\" data-widget_type=\"heading.default\">\n\t\t\t\t<div class=\"elementor-widget-container\">\n\t\t\t\t\t<h2 class=\"elementor-heading-title elementor-size-default\">Psycholog a  psychoterapeuta <\/h2>\t\t\t\t<\/div>\n\t\t\t\t<\/div>\n\t\t\t\t<div class=\"elementor-element elementor-element-1484026 elementor-widget elementor-widget-text-editor\" data-id=\"1484026\" data-element_type=\"widget\" data-e-type=\"widget\" data-widget_type=\"text-editor.default\">\n\t\t\t\t<div class=\"elementor-widget-container\">\n\t\t\t\t\t\t\t\t\t<p><strong>Psycholog<\/strong> to specjalista zajmuj\u0105cy si\u0119 diagnozowaniem oraz wsparciem emocjonalnym w sytuacjach trudnych. Pomaga zrozumie\u0107 mechanizmy psychiczne stoj\u0105ce za problemami i wskazuje mo\u017cliwe sposoby ich rozwi\u0105zania.<\/p>\n<p><strong>Psychoterapeuta<\/strong>, dzi\u0119ki odpowiednim metodom terapeutycznym, prowadzi proces g\u0142\u0119bszej pracy nad zmian\u0105 niekorzystnych wzorc\u00f3w my\u015blenia, emocji i zachowa\u0144, co pozwala pacjentowi lepiej radzi\u0107 sobie z wyzwaniami \u017cycia codziennego i budowa\u0107 bardziej satysfakcjonuj\u0105ce relacje.<\/p>\t\t\t\t\t\t\t\t<\/div>\n\t\t\t\t<\/div>\n\t\t\t\t<div class=\"elementor-element elementor-element-e47f82a elementor-widget elementor-widget-heading\" data-id=\"e47f82a\" data-element_type=\"widget\" data-e-type=\"widget\" data-widget_type=\"heading.default\">\n\t\t\t\t<div class=\"elementor-widget-container\">\n\t\t\t\t\t<h2 class=\"elementor-heading-title elementor-size-default\">Dla kogo jest psycholog, a dla kogo psychoterapeuta?<\/h2>\t\t\t\t<\/div>\n\t\t\t\t<\/div>\n\t\t\t\t<div class=\"elementor-element elementor-element-59a4535 elementor-widget elementor-widget-text-editor\" data-id=\"59a4535\" data-element_type=\"widget\" data-e-type=\"widget\" data-widget_type=\"text-editor.default\">\n\t\t\t\t<div class=\"elementor-widget-container\">\n\t\t\t\t\t\t\t\t\t<p>Cho\u0107 psycholog i psychoterapeuta to profesje, kt\u00f3re cz\u0119sto si\u0119 uzupe\u0142niaj\u0105, r\u00f3\u017cni\u0105 si\u0119 zakresem wsparcia, jakie oferuj\u0105. To, do kt\u00f3rego specjalisty powiniene\u015b si\u0119 zg\u0142osi\u0107, zale\u017cy od charakteru problemu, z jakim si\u0119 zmagasz, oraz Twoich indywidualnych potrzeb.<\/p>\t\t\t\t\t\t\t\t<\/div>\n\t\t\t\t<\/div>\n\t\t\t\t<div class=\"elementor-element elementor-element-43b407f elementor-widget elementor-widget-heading\" data-id=\"43b407f\" data-element_type=\"widget\" data-e-type=\"widget\" data-widget_type=\"heading.default\">\n\t\t\t\t<div class=\"elementor-widget-container\">\n\t\t\t\t\t<h2 class=\"elementor-heading-title elementor-size-default\">Kiedy zg\u0142osi\u0107 si\u0119 do psychologa?<\/h2>\t\t\t\t<\/div>\n\t\t\t\t<\/div>\n\t\t\t\t<div class=\"elementor-element elementor-element-fb41d7c elementor-widget elementor-widget-text-editor\" data-id=\"fb41d7c\" data-element_type=\"widget\" data-e-type=\"widget\" data-widget_type=\"text-editor.default\">\n\t\t\t\t<div class=\"elementor-widget-container\">\n\t\t\t\t\t\t\t\t\t<p>Psycholog to specjalista zajmuj\u0105cy si\u0119 wsparciem emocjonalnym, diagnoz\u0105 problem\u00f3w psychicznych i pomoc\u0105 w zrozumieniu trudno\u015bci, z kt\u00f3rymi mierzy si\u0119 pacjent. Do psychologa warto zg\u0142osi\u0107 si\u0119, je\u015bli:<\/p>\n<ul>\n<li><strong>Do\u015bwiadczasz trudno\u015bci emocjonalnych<\/strong>, takich jak smutek, l\u0119k, irytacja czy poczucie zagubienia.<\/li>\n<li><strong>Masz problemy w relacjach interpersonalnych<\/strong>, w tym trudno\u015bci w komunikacji z bliskimi, konfliktami w pracy lub izolacj\u0105 spo\u0142eczn\u0105.<\/li>\n<li><strong>Prze\u017cywasz kryzys \u017cyciowy<\/strong>, taki jak strata bliskiej osoby, rozw\u00f3d, utrata pracy czy inne wydarzenia wywo\u0142uj\u0105ce du\u017cy stres.<\/li>\n<li><strong>Potrzebujesz diagnozy psychologicznej<\/strong>, np. w celu oceny funkcjonowania poznawczego, emocjonalnego lub spo\u0142ecznego.<\/li>\n<li><strong>Chcesz lepiej zrozumie\u0107 siebie<\/strong>, swoje zachowania i reakcje emocjonalne, aby lepiej radzi\u0107 sobie w codziennych sytuacjach.<\/li>\n<\/ul>\n<p>Psycholog mo\u017ce pom\u00f3c w kr\u00f3tkoterminowym poradnictwie, przeprowadzi\u0107 diagnoz\u0119 i wskaza\u0107 dalsze kroki, np. skierowa\u0107 na psychoterapi\u0119, je\u015bli problem wymaga d\u0142u\u017cszego procesu pracy nad sob\u0105.<\/p>\t\t\t\t\t\t\t\t<\/div>\n\t\t\t\t<\/div>\n\t\t\t\t<div class=\"elementor-element elementor-element-f03382a elementor-widget elementor-widget-heading\" data-id=\"f03382a\" data-element_type=\"widget\" data-e-type=\"widget\" data-widget_type=\"heading.default\">\n\t\t\t\t<div class=\"elementor-widget-container\">\n\t\t\t\t\t<h2 class=\"elementor-heading-title elementor-size-default\">Kiedy zg\u0142osi\u0107 si\u0119 do psychoterapeuty?<\/h2>\t\t\t\t<\/div>\n\t\t\t\t<\/div>\n\t\t\t\t<div class=\"elementor-element elementor-element-beaeb20 elementor-widget elementor-widget-text-editor\" data-id=\"beaeb20\" data-element_type=\"widget\" data-e-type=\"widget\" data-widget_type=\"text-editor.default\">\n\t\t\t\t<div class=\"elementor-widget-container\">\n\t\t\t\t\t\t\t\t\t<p>Psychoterapeuta to specjalista, kt\u00f3ry prowadzi d\u0142ugoterminowy proces terapeutyczny maj\u0105cy na celu g\u0142\u0119bok\u0105 prac\u0119 nad problemami psychicznymi, emocjonalnymi i relacyjnymi. Do psychoterapeuty warto zg\u0142osi\u0107 si\u0119, je\u015bli:<\/p>\n<ul>\n<li><strong>Zmagasz si\u0119 z przewlek\u0142ymi trudno\u015bciami emocjonalnymi<\/strong>, np. l\u0119kami, depresj\u0105, niskim poczuciem w\u0142asnej warto\u015bci czy poczuciem braku sensu \u017cycia.<\/li>\n<li><strong>Do\u015bwiadczasz zaburze\u0144 psychicznych<\/strong>, takich jak zaburzenia l\u0119kowe, depresyjne, obsesyjno-kompulsywne, zaburzenia od\u017cywiania czy PTSD (zesp\u00f3\u0142 stresu pourazowego).<\/li>\n<li><strong>Masz trudno\u015bci w relacjach partnerskich lub rodzinnych<\/strong>, takie jak cz\u0119ste konflikty, brak blisko\u015bci czy problemy z komunikacj\u0105.<\/li>\n<li><strong>Chcesz dokona\u0107 g\u0142\u0119bokich zmian w swoim \u017cyciu<\/strong>, zrozumie\u0107 swoje wzorce zachowa\u0144, relacji i schematy my\u015blenia, kt\u00f3re utrudniaj\u0105 Ci osi\u0105gni\u0119cie satysfakcji w r\u00f3\u017cnych sferach \u017cycia.<\/li>\n<li><strong>Potrzebujesz d\u0142ugotrwa\u0142ego wsparcia<\/strong>, aby radzi\u0107 sobie z na\u0142ogami, trudno\u015bciami emocjonalnymi lub innymi problemami, kt\u00f3re wymagaj\u0105 systematycznej pracy.<\/li>\n<\/ul>\n<p>Psychoterapia mo\u017ce mie\u0107 charakter indywidualny, grupowy, partnerski lub rodzinny i jest procesem wymagaj\u0105cym regularnych spotka\u0144 oraz zaanga\u017cowania pacjenta.<\/p>\t\t\t\t\t\t\t\t<\/div>\n\t\t\t\t<\/div>\n\t\t\t\t<div class=\"elementor-element elementor-element-f45cd28 elementor-widget elementor-widget-heading\" data-id=\"f45cd28\" data-element_type=\"widget\" data-e-type=\"widget\" data-widget_type=\"heading.default\">\n\t\t\t\t<div class=\"elementor-widget-container\">\n\t\t\t\t\t<h3 class=\"elementor-heading-title elementor-size-default\">Jak wybra\u0107 odpowiedniego specjalist\u0119?<\/h3>\t\t\t\t<\/div>\n\t\t\t\t<\/div>\n\t\t\t\t<div class=\"elementor-element elementor-element-9e8de3e elementor-widget elementor-widget-text-editor\" data-id=\"9e8de3e\" data-element_type=\"widget\" data-e-type=\"widget\" data-widget_type=\"text-editor.default\">\n\t\t\t\t<div class=\"elementor-widget-container\">\n\t\t\t\t\t\t\t\t\t<p>Wyb\u00f3r mi\u0119dzy psychologiem a psychoterapeut\u0105 zale\u017cy od rodzaju trudno\u015bci, kt\u00f3rych do\u015bwiadczasz:<\/p>\n<ul>\n<li>Je\u015bli potrzebujesz konsultacji, porady, wsparcia w podj\u0119ciu decyzji lub diagnozy psychologicznej \u2013 zg\u0142o\u015b si\u0119 do <strong>psychologa<\/strong>.<\/li>\n<li>Je\u015bli Twoje problemy s\u0105 bardziej z\u0142o\u017cone i wymagaj\u0105 d\u0142ugotrwa\u0142ej pracy, np. terapia zaburze\u0144 l\u0119kowych czy poprawa relacji w zwi\u0105zku \u2013 odpowiedni b\u0119dzie <strong>psychoterapeuta<\/strong>.<\/li>\n<\/ul>\n<p>W Verte Centrum Zdrowia oferujemy zar\u00f3wno konsultacje psychologiczne, jak i pe\u0142ne procesy terapeutyczne prowadzone przez do\u015bwiadczonych psychoterapeut\u00f3w. Nasz zesp\u00f3\u0142 pomo\u017ce Ci zrozumie\u0107, kt\u00f3ry specjalista najlepiej odpowiada Twoim potrzebom. Skontaktuj si\u0119 z nami, aby um\u00f3wi\u0107 si\u0119 na wizyt\u0119 i rozpocz\u0105\u0107 swoj\u0105 drog\u0119 ku lepszemu samopoczuciu.<\/p>\t\t\t\t\t\t\t\t<\/div>\n\t\t\t\t<\/div>\n\t\t\t\t<div class=\"elementor-element elementor-element-f6632e9 elementor-widget elementor-widget-heading\" data-id=\"f6632e9\" data-element_type=\"widget\" data-e-type=\"widget\" data-widget_type=\"heading.default\">\n\t\t\t\t<div class=\"elementor-widget-container\">\n\t\t\t\t\t<h4 class=\"elementor-heading-title elementor-size-default\">Zapraszamy pacjent\u00f3w z ca\u0142ej Ma\u0142opolski! <\/h4>\t\t\t\t<\/div>\n\t\t\t\t<\/div>\n\t\t\t\t<div class=\"elementor-element elementor-element-39cb0a6 elementor-widget elementor-widget-text-editor\" data-id=\"39cb0a6\" data-element_type=\"widget\" data-e-type=\"widget\" data-widget_type=\"text-editor.default\">\n\t\t\t\t<div class=\"elementor-widget-container\">\n\t\t\t\t\t\t\t\t\t<p>Nasze centrum jest otwarte dla pacjent\u00f3w z Krakowa, Skawiny, Swoszowic, My\u015blenic i s\u0105siednich miejscowo\u015bci. Oferujemy dogodne terminy wizyt, przyjazn\u0105 atmosfer\u0119 oraz pe\u0142n\u0105 dyskrecj\u0119.<\/p>\n<p>Dlaczego warto wybra\u0107 nas?<\/p>\n<ul>\n<li>Indywidualne podej\u015bcie do ka\u017cdego pacjenta.<\/li>\n<li>Profesjonalna diagnoza i skuteczna terapia.<\/li>\n<li>Dyskrecja i komfortowe warunki.<\/li>\n<\/ul>\n<p>Nie odk\u0142adaj troski o swoje zdrowie psychiczne na p\u00f3\u017aniej. Skontaktuj si\u0119 z nami!<\/p>\t\t\t\t\t\t\t\t<\/div>\n\t\t\t\t<\/div>\n\t\t\t\t<\/div>\n\t\t<div class=\"elementor-element elementor-element-a96e4d6 e-con-full e-flex e-con e-child\" data-id=\"a96e4d6\" data-element_type=\"container\" data-e-type=\"container\">\n\t\t\t\t<div class=\"elementor-element elementor-element-3069919 elementor-widget elementor-widget-heading\" data-id=\"3069919\" data-element_type=\"widget\" data-e-type=\"widget\" data-widget_type=\"heading.default\">\n\t\t\t\t<div class=\"elementor-widget-container\">\n\t\t\t\t\t<h3 class=\"elementor-heading-title elementor-size-default\"><a href=\"https:\/\/vertecentrum.pl\/index.php\/zespol\/\">Specjali\u015bci Verte Centrum Zdrowia <\/a><\/h3>\t\t\t\t<\/div>\n\t\t\t\t<\/div>\n\t\t<div class=\"elementor-element elementor-element-74b34fd e-grid e-con-full e-con e-child\" data-id=\"74b34fd\" data-element_type=\"container\" data-e-type=\"container\">\n\t\t\t\t<div class=\"elementor-element elementor-element-9adb614 elementor-align-center elementor-widget elementor-widget-button\" data-id=\"9adb614\" data-element_type=\"widget\" data-e-type=\"widget\" data-widget_type=\"button.default\">\n\t\t\t\t<div class=\"elementor-widget-container\">\n\t\t\t\t\t\t\t\t\t<div class=\"elementor-button-wrapper\">\n\t\t\t\t\t<a class=\"elementor-button elementor-button-link elementor-size-sm\" href=\"https:\/\/vertecentrum.pl\/index.php\/wszyscy-specjalisci\/\">\n\t\t\t\t\t\t<span class=\"elementor-button-content-wrapper\">\n\t\t\t\t\t\t\t\t\t<span class=\"elementor-button-text\">Znajd\u017a psychologa\/psychoterapeut\u0119 <\/span>\n\t\t\t\t\t<\/span>\n\t\t\t\t\t<\/a>\n\t\t\t\t<\/div>\n\t\t\t\t\t\t\t\t<\/div>\n\t\t\t\t<\/div>\n\t\t\t\t<div class=\"elementor-element elementor-element-62c638c elementor-align-center elementor-widget elementor-widget-button\" data-id=\"62c638c\" data-element_type=\"widget\" data-e-type=\"widget\" data-widget_type=\"button.default\">\n\t\t\t\t<div class=\"elementor-widget-container\">\n\t\t\t\t\t\t\t\t\t<div class=\"elementor-button-wrapper\">\n\t\t\t\t\t<a class=\"elementor-button elementor-button-link elementor-size-sm\" href=\"https:\/\/vertecentrum.pl\/index.php\/wyszukiwarka\/\">\n\t\t\t\t\t\t<span class=\"elementor-button-content-wrapper\">\n\t\t\t\t\t\t\t\t\t<span class=\"elementor-button-text\">Skorzystaj z wyszukiwarki specjalist\u00f3w <\/span>\n\t\t\t\t\t<\/span>\n\t\t\t\t\t<\/a>\n\t\t\t\t<\/div>\n\t\t\t\t\t\t\t\t<\/div>\n\t\t\t\t<\/div>\n\t\t\t\t<div class=\"elementor-element elementor-element-526c1b3 elementor-align-center elementor-widget elementor-widget-button\" data-id=\"526c1b3\" data-element_type=\"widget\" data-e-type=\"widget\" data-widget_type=\"button.default\">\n\t\t\t\t<div class=\"elementor-widget-container\">\n\t\t\t\t\t\t\t\t\t<div class=\"elementor-button-wrapper\">\n\t\t\t\t\t<a class=\"elementor-button elementor-button-link elementor-size-sm\" href=\"https:\/\/vertecentrum.pl\/index.php\/kontakt\/\">\n\t\t\t\t\t\t<span class=\"elementor-button-content-wrapper\">\n\t\t\t\t\t\t<span class=\"elementor-button-icon\">\n\t\t\t\t<svg aria-hidden=\"true\" class=\"e-font-icon-svg e-fas-caret-right\" viewBox=\"0 0 192 512\" xmlns=\"http:\/\/www.w3.org\/2000\/svg\"><path d=\"M0 384.662V127.338c0-17.818 21.543-26.741 34.142-14.142l128.662 128.662c7.81 7.81 7.81 20.474 0 28.284L34.142 398.804C21.543 411.404 0 402.48 0 384.662z\"><\/path><\/svg>\t\t\t<\/span>\n\t\t\t\t\t\t\t\t\t<span class=\"elementor-button-text\">Um\u00f3w wizyt\u0119 <\/span>\n\t\t\t\t\t<\/span>\n\t\t\t\t\t<\/a>\n\t\t\t\t<\/div>\n\t\t\t\t\t\t\t\t<\/div>\n\t\t\t\t<\/div>\n\t\t\t\t<\/div>\n\t\t\t\t<div class=\"elementor-element elementor-element-95223eb elementor-widget elementor-widget-heading\" data-id=\"95223eb\" data-element_type=\"widget\" data-e-type=\"widget\" data-widget_type=\"heading.default\">\n\t\t\t\t<div class=\"elementor-widget-container\">\n\t\t\t\t\t<h2 class=\"elementor-heading-title elementor-size-default\">Psycholog Krak\u00f3w,  Psycholog Skawina, Psycholog My\u015blenice, <\/h2>\t\t\t\t<\/div>\n\t\t\t\t<\/div>\n\t\t\t\t<\/div>\n\t\t\t\t\t<\/div>\n\t\t\t\t<\/div>\n\t\t\t\t<\/div>\n\t\t","protected":false},"excerpt":{"rendered":"<p>Psycholog i psychoterapeuta \u2013 wsparcie w Twojej drodze do zdrowia psychicznego W Verte Centrum Zdrowia oferujemy kompleksowe us\u0142ugi psychologiczne i psychoterapeutyczne, pomagaj\u0105c naszym pacjentom w odzyskiwaniu r\u00f3wnowagi emocjonalnej i poprawie jako\u015bci \u017cycia. Nasz zesp\u00f3\u0142 do\u015bwiadczonych specjalist\u00f3w wspiera zar\u00f3wno doros\u0142ych, dzieci, m\u0142odzie\u017c, jak i pary oraz rodziny w radzeniu sobie z trudno\u015bciami dnia codziennego, kryzysami \u017cyciowymi&hellip;&nbsp;<a href=\"https:\/\/vertecentrum.pl\/index.php\/psycholog-psychoterapeuta\/\" rel=\"bookmark\">Dowiedz si\u0119 wi\u0119cej &raquo;<span class=\"screen-reader-text\">Psycholog Psychoterapeuta<\/span><\/a><\/p>\n","protected":false},"author":1,"featured_media":0,"parent":0,"menu_order":0,"comment_status":"closed","ping_status":"closed","template":"","meta":{"neve_meta_sidebar":"","neve_meta_container":"","neve_meta_enable_content_width":"","neve_meta_content_width":0,"neve_meta_title_alignment":"","neve_meta_author_avatar":"","neve_post_elements_order":"","neve_meta_disable_header":"","neve_meta_disable_footer":"","neve_meta_disable_title":"","_themeisle_gutenberg_block_has_review":false,"footnotes":""},"class_list":["post-1087","page","type-page","status-publish","hentry"],"_links":{"self":[{"href":"https:\/\/vertecentrum.pl\/index.php\/wp-json\/wp\/v2\/pages\/1087","targetHints":{"allow":["GET"]}}],"collection":[{"href":"https:\/\/vertecentrum.pl\/index.php\/wp-json\/wp\/v2\/pages"}],"about":[{"href":"https:\/\/vertecentrum.pl\/index.php\/wp-json\/wp\/v2\/types\/page"}],"author":[{"embeddable":true,"href":"https:\/\/vertecentrum.pl\/index.php\/wp-json\/wp\/v2\/users\/1"}],"replies":[{"embeddable":true,"href":"https:\/\/vertecentrum.pl\/index.php\/wp-json\/wp\/v2\/comments?post=1087"}],"version-history":[{"count":24,"href":"https:\/\/vertecentrum.pl\/index.php\/wp-json\/wp\/v2\/pages\/1087\/revisions"}],"predecessor-version":[{"id":1607,"href":"https:\/\/vertecentrum.pl\/index.php\/wp-json\/wp\/v2\/pages\/1087\/revisions\/1607"}],"wp:attachment":[{"href":"https:\/\/vertecentrum.pl\/index.php\/wp-json\/wp\/v2\/media?parent=1087"}],"curies":[{"name":"wp","href":"https:\/\/api.w.org\/{rel}","templated":true}]}}