{"id":1367,"date":"2025-03-13T20:32:46","date_gmt":"2025-03-13T19:32:46","guid":{"rendered":"https:\/\/vertecentrum.pl\/?page_id=1367"},"modified":"2025-09-24T21:38:29","modified_gmt":"2025-09-24T19:38:29","slug":"z-patrycja-kisielewska","status":"publish","type":"page","link":"https:\/\/vertecentrum.pl\/index.php\/z-patrycja-kisielewska\/","title":{"rendered":"Z Patrycja Kisielewska"},"content":{"rendered":"\t\t<div data-elementor-type=\"wp-page\" data-elementor-id=\"1367\" class=\"elementor elementor-1367\" data-elementor-post-type=\"page\">\n\t\t\t\t<div class=\"elementor-element elementor-element-10e274de e-flex e-con-boxed e-con e-parent\" data-id=\"10e274de\" data-element_type=\"container\" data-e-type=\"container\">\n\t\t\t\t\t<div class=\"e-con-inner\">\n\t\t\t\t<div class=\"elementor-element elementor-element-34b5d69e elementor-widget elementor-widget-text-editor\" data-id=\"34b5d69e\" data-element_type=\"widget\" data-e-type=\"widget\" data-widget_type=\"text-editor.default\">\n\t\t\t\t<div class=\"elementor-widget-container\">\n\t\t\t\t\t\t\t\t\t\n<div id=\"wp-block-themeisle-blocks-advanced-columns-69296c31\" class=\"wp-block-themeisle-blocks-advanced-columns has-0-columns has-desktop-undefined-layout has-tablet-equal-layout has-mobile-equal-layout has-vertical-unset\"><div class=\"wp-block-themeisle-blocks-advanced-columns-overlay\"><\/div><div class=\"innerblocks-wrap\"><\/div><\/div>\n\t\t\t\t\t\t\t\t<\/div>\n\t\t\t\t<\/div>\n\t\t\t\t\t<\/div>\n\t\t\t\t<\/div>\n\t\t<div class=\"elementor-element elementor-element-6c6741d e-flex e-con-boxed e-con e-parent\" data-id=\"6c6741d\" data-element_type=\"container\" data-e-type=\"container\">\n\t\t\t\t\t<div class=\"e-con-inner\">\n\t\t<div class=\"elementor-element elementor-element-886d569 e-con-full e-flex e-con e-child\" data-id=\"886d569\" data-element_type=\"container\" data-e-type=\"container\">\n\t\t\t\t<div class=\"elementor-element elementor-element-0fbd2bd elementor-widget elementor-widget-heading\" data-id=\"0fbd2bd\" data-element_type=\"widget\" data-e-type=\"widget\" data-widget_type=\"heading.default\">\n\t\t\t\t<div class=\"elementor-widget-container\">\n\t\t\t\t\t<h1 class=\"elementor-heading-title elementor-size-default\">mgr Patrycja Kisielewska<\/h1>\t\t\t\t<\/div>\n\t\t\t\t<\/div>\n\t\t\t\t<\/div>\n\t\t<div class=\"elementor-element elementor-element-4a51319 e-con-full e-flex e-con e-child\" data-id=\"4a51319\" data-element_type=\"container\" data-e-type=\"container\" data-settings=\"{&quot;background_background&quot;:&quot;classic&quot;}\">\n\t\t<div class=\"elementor-element elementor-element-d27b352 e-grid e-con-full e-con e-child\" data-id=\"d27b352\" data-element_type=\"container\" data-e-type=\"container\">\n\t\t<div class=\"elementor-element elementor-element-6ca0c9e e-con-full e-flex e-con e-child\" data-id=\"6ca0c9e\" data-element_type=\"container\" data-e-type=\"container\">\n\t\t\t\t<div class=\"elementor-element elementor-element-9dd15a4 elementor-widget elementor-widget-image\" data-id=\"9dd15a4\" data-element_type=\"widget\" data-e-type=\"widget\" data-widget_type=\"image.default\">\n\t\t\t\t<div class=\"elementor-widget-container\">\n\t\t\t\t\t\t\t\t\t\t\t\t\t\t\t<img fetchpriority=\"high\" decoding=\"async\" width=\"300\" height=\"300\" src=\"https:\/\/vertecentrum.pl\/wp-content\/uploads\/2025\/09\/patrycja-e1758742541105-300x300.jpg\" class=\"attachment-medium size-medium wp-image-1614\" alt=\"\" srcset=\"https:\/\/vertecentrum.pl\/wp-content\/uploads\/2025\/09\/patrycja-e1758742541105-300x300.jpg 300w, https:\/\/vertecentrum.pl\/wp-content\/uploads\/2025\/09\/patrycja-e1758742541105-1024x1024.jpg 1024w, https:\/\/vertecentrum.pl\/wp-content\/uploads\/2025\/09\/patrycja-e1758742541105-150x150.jpg 150w, https:\/\/vertecentrum.pl\/wp-content\/uploads\/2025\/09\/patrycja-e1758742541105-768x768.jpg 768w, https:\/\/vertecentrum.pl\/wp-content\/uploads\/2025\/09\/patrycja-e1758742541105.jpg 1200w\" sizes=\"(max-width: 300px) 100vw, 300px\" \/>\t\t\t\t\t\t\t\t\t\t\t\t\t\t\t<\/div>\n\t\t\t\t<\/div>\n\t\t\t\t<\/div>\n\t\t<div class=\"elementor-element elementor-element-985db4d e-con-full e-flex e-con e-child\" data-id=\"985db4d\" data-element_type=\"container\" data-e-type=\"container\">\n\t\t\t\t<div class=\"elementor-element elementor-element-fd3b61f elementor-widget elementor-widget-heading\" data-id=\"fd3b61f\" data-element_type=\"widget\" data-e-type=\"widget\" data-widget_type=\"heading.default\">\n\t\t\t\t<div class=\"elementor-widget-container\">\n\t\t\t\t\t<h2 class=\"elementor-heading-title elementor-size-default\">mgr Patrycja Kisielewska<\/h2>\t\t\t\t<\/div>\n\t\t\t\t<\/div>\n\t\t\t\t<div class=\"elementor-element elementor-element-7f6d723 elementor-widget elementor-widget-text-editor\" data-id=\"7f6d723\" data-element_type=\"widget\" data-e-type=\"widget\" data-widget_type=\"text-editor.default\">\n\t\t\t\t<div class=\"elementor-widget-container\">\n\t\t\t\t\t\t\t\t\t<h3>PSYCHOTERAPEUTA W TRAKCIE SZKOLENIA (DORO\u015aLI, DZIECI I M\u0141ODZIE\u017b)<\/h3>\t\t\t\t\t\t\t\t<\/div>\n\t\t\t\t<\/div>\n\t\t\t\t<\/div>\n\t\t\t\t<\/div>\n\t\t\t\t<\/div>\n\t\t<div class=\"elementor-element elementor-element-e7bfd8c e-con-full e-flex e-con e-child\" data-id=\"e7bfd8c\" data-element_type=\"container\" data-e-type=\"container\">\n\t\t\t\t<div class=\"elementor-element elementor-element-787229c elementor-widget elementor-widget-heading\" data-id=\"787229c\" data-element_type=\"widget\" data-e-type=\"widget\" data-widget_type=\"heading.default\">\n\t\t\t\t<div class=\"elementor-widget-container\">\n\t\t\t\t\t<h3 class=\"elementor-heading-title elementor-size-default\">Wykszta\u0142cenie <\/h3>\t\t\t\t<\/div>\n\t\t\t\t<\/div>\n\t\t\t\t<div class=\"elementor-element elementor-element-9afe020 elementor-widget elementor-widget-text-editor\" data-id=\"9afe020\" data-element_type=\"widget\" data-e-type=\"widget\" data-widget_type=\"text-editor.default\">\n\t\t\t\t<div class=\"elementor-widget-container\">\n\t\t\t\t\t\t\t\t\t<p>Jestem absolwentk\u0105 Uniwersytetu Jagiello\u0144skiego na kierunku Pedagogika specjalna ze specjalno\u015bci\u0105: resocjalizacja (licencjat). Tytu\u0142 magistra obroni\u0142am w 2023 roku na Uniwersytecie Komisji Edukacji Narodowej (kiedy\u015b: Uniwersytet Pedagogiczny) &#8211; resocjalizacja z penitencjarystyk\u0105. Obecnie jestem w trakcie szkolenia psychoterapeutycznego w nurcie psychodynamicznym w Krakowskim Centrum Psychodynamicznym. Jestem r\u00f3wnie\u017c certyfikowanym trenerem TUS I i II stopnia. Posiadam szkolenie z interwencji kryzysowej oraz dyplom ze studi\u00f3w podyplomowych z Terapii i Edukacji os\u00f3b w spectrum autyzmu. Planuj\u0119 r\u00f3wnie\u017c rozpocz\u0105\u0107 w tym roku studia z psychotraumatologii.<\/p>\t\t\t\t\t\t\t\t<\/div>\n\t\t\t\t<\/div>\n\t\t\t\t<div class=\"elementor-element elementor-element-2a61c39 elementor-widget elementor-widget-heading\" data-id=\"2a61c39\" data-element_type=\"widget\" data-e-type=\"widget\" data-widget_type=\"heading.default\">\n\t\t\t\t<div class=\"elementor-widget-container\">\n\t\t\t\t\t<h3 class=\"elementor-heading-title elementor-size-default\">Do\u015bwiadczenie<\/h3>\t\t\t\t<\/div>\n\t\t\t\t<\/div>\n\t\t\t\t<div class=\"elementor-element elementor-element-5ac073d elementor-widget elementor-widget-text-editor\" data-id=\"5ac073d\" data-element_type=\"widget\" data-e-type=\"widget\" data-widget_type=\"text-editor.default\">\n\t\t\t\t<div class=\"elementor-widget-container\">\n\t\t\t\t\t\t\t\t\t<p>Zawodow\u0105 prac\u0119 z m\u0142odzie\u017c\u0105 rozpocz\u0119\u0142am w 2020 roku, jednak ju\u017c w trakcie studi\u00f3w zdobywa\u0142am do\u015bwiadczenie podczas praktyk studenckich w takich miejscach jak \u015awietlica \u015arodowiskowa Monar Drop-in oraz w M\u0142odzie\u017cowym O\u015brodku Wychowawczym dla ch\u0142opc\u00f3w oraz w Interwencyjnej plac\u00f3wce opieku\u0144czo-wychowawczej dla dziewcz\u0105t.<\/p>\t\t\t\t\t\t\t\t<\/div>\n\t\t\t\t<\/div>\n\t\t\t\t<div class=\"elementor-element elementor-element-b661758 elementor-widget elementor-widget-heading\" data-id=\"b661758\" data-element_type=\"widget\" data-e-type=\"widget\" data-widget_type=\"heading.default\">\n\t\t\t\t<div class=\"elementor-widget-container\">\n\t\t\t\t\t<h3 class=\"elementor-heading-title elementor-size-default\">Z kim pracuj\u0119 <\/h3>\t\t\t\t<\/div>\n\t\t\t\t<\/div>\n\t\t\t\t<div class=\"elementor-element elementor-element-e7d9401 elementor-widget elementor-widget-text-editor\" data-id=\"e7d9401\" data-element_type=\"widget\" data-e-type=\"widget\" data-widget_type=\"text-editor.default\">\n\t\t\t\t<div class=\"elementor-widget-container\">\n\t\t\t\t\t\t\t\t\t<p>Zapraszam m\u0142odzie\u017c od 13 roku \u017cycia oraz osoby doros\u0142e.<br \/>Pracuj\u0119 r\u00f3wnie\u017c z osobami LGBT+ w tym z osobami transp\u0142ciowymi mierz\u0105cymi si\u0119<br \/>z dysfori\u0105 p\u0142ciow\u0105 oraz z osobami nie neurotypowymi (osoby w spectrum autyzmu).<br \/>Pracuj\u0119 z:<br \/>&#8211; depresja<br \/>&#8211; niskie poczucie w\u0142asnej warto\u015bci<br \/>&#8211; zaburzenia od\u017cywiania<br \/>&#8211; kryzys zawodowy<br \/>&#8211; kryzys w zwi\u0105zku<br \/>&#8211; problemy wychowawcze<br \/>&#8211; zaburzenia w relacjach mi\u0119dzyludzkich<br \/>&#8211; uzale\u017cnienia behawioralne<br \/>&#8211; DDA\/DDD (doros\u0142e dziecko alkoholika\/ doros\u0142e dziecko z rodziny dysfunkcyjnej)<\/p>\t\t\t\t\t\t\t\t<\/div>\n\t\t\t\t<\/div>\n\t\t\t\t<div class=\"elementor-element elementor-element-e082a76 elementor-widget elementor-widget-heading\" data-id=\"e082a76\" data-element_type=\"widget\" data-e-type=\"widget\" data-widget_type=\"heading.default\">\n\t\t\t\t<div class=\"elementor-widget-container\">\n\t\t\t\t\t<h3 class=\"elementor-heading-title elementor-size-default\">O mnie<\/h3>\t\t\t\t<\/div>\n\t\t\t\t<\/div>\n\t\t\t\t<div class=\"elementor-element elementor-element-3c27c27 elementor-widget elementor-widget-text-editor\" data-id=\"3c27c27\" data-element_type=\"widget\" data-e-type=\"widget\" data-widget_type=\"text-editor.default\">\n\t\t\t\t<div class=\"elementor-widget-container\">\n\t\t\t\t\t\t\t\t\t<p>Praca z pacjentem w gabinecie od dawna by\u0142a moim marzeniem. W pracy z pacjentem stawiam na wzajemne nawi\u0105zanie relacji oraz na zaufanie. W celu\u00a0 lepszej dalszej wsp\u00f3\u0142pracy z pacjentami, swoj\u0105 prac\u0119 regularnie poddaj\u0119 superwizji.<\/p>\t\t\t\t\t\t\t\t<\/div>\n\t\t\t\t<\/div>\n\t\t\t\t<\/div>\n\t\t<div class=\"elementor-element elementor-element-3ace7dc e-con-full e-flex e-con e-child\" data-id=\"3ace7dc\" data-element_type=\"container\" data-e-type=\"container\">\n\t\t<div class=\"elementor-element elementor-element-2ca4ae1 e-grid e-con-full e-con e-child\" data-id=\"2ca4ae1\" data-element_type=\"container\" data-e-type=\"container\">\n\t\t<div class=\"elementor-element elementor-element-92cc5dc e-con-full e-flex e-con e-child\" data-id=\"92cc5dc\" data-element_type=\"container\" data-e-type=\"container\" data-settings=\"{&quot;background_background&quot;:&quot;classic&quot;}\">\n\t\t\t\t<div class=\"elementor-element elementor-element-3a9f190 elementor-widget elementor-widget-heading\" data-id=\"3a9f190\" data-element_type=\"widget\" data-e-type=\"widget\" data-widget_type=\"heading.default\">\n\t\t\t\t<div class=\"elementor-widget-container\">\n\t\t\t\t\t<h2 class=\"elementor-heading-title elementor-size-default\">Um\u00f3w wizyt\u0119 <\/h2>\t\t\t\t<\/div>\n\t\t\t\t<\/div>\n\t\t\t\t<div class=\"elementor-element elementor-element-0a6c2b4 elementor-align-center elementor-widget elementor-widget-button\" data-id=\"0a6c2b4\" data-element_type=\"widget\" data-e-type=\"widget\" data-widget_type=\"button.default\">\n\t\t\t\t<div class=\"elementor-widget-container\">\n\t\t\t\t\t\t\t\t\t<div class=\"elementor-button-wrapper\">\n\t\t\t\t\t<a class=\"elementor-button elementor-button-link elementor-size-sm\" href=\"tel:518479920\">\n\t\t\t\t\t\t<span class=\"elementor-button-content-wrapper\">\n\t\t\t\t\t\t\t\t\t<span class=\"elementor-button-text\">VERTE: +48 518 479 920<\/span>\n\t\t\t\t\t<\/span>\n\t\t\t\t\t<\/a>\n\t\t\t\t<\/div>\n\t\t\t\t\t\t\t\t<\/div>\n\t\t\t\t<\/div>\n\t\t\t\t<div class=\"elementor-element elementor-element-7adf2c9 elementor-widget elementor-widget-wpforms\" data-id=\"7adf2c9\" data-element_type=\"widget\" data-e-type=\"widget\" data-widget_type=\"wpforms.default\">\n\t\t\t\t<div class=\"elementor-widget-container\">\n\t\t\t\t\t<div class=\"wpforms-container wpforms-container-full wpforms-render-modern\" id=\"wpforms-741\"><form id=\"wpforms-form-741\" class=\"wpforms-validate wpforms-form wpforms-ajax-form\" data-formid=\"741\" method=\"post\" enctype=\"multipart\/form-data\" action=\"\/index.php\/wp-json\/wp\/v2\/pages\/1367\" data-token=\"eca3d447c088fe19a9a54129ce6b1a28\" data-token-time=\"1777632335\"><noscript class=\"wpforms-error-noscript\">Aby wype\u0142ni\u0107 ten formularz, w\u0142\u0105cz obs\u0142ug\u0119 JavaScript w przegl\u0105darce.<\/noscript><div id=\"wpforms-error-noscript\" style=\"display: none;\">Aby wype\u0142ni\u0107 ten formularz, w\u0142\u0105cz obs\u0142ug\u0119 JavaScript w przegl\u0105darce.<\/div><div class=\"wpforms-field-container\"><div id=\"wpforms-741-field_1-container\" class=\"wpforms-field wpforms-field-name\" data-field-id=\"1\"><label class=\"wpforms-field-label\" for=\"wpforms-741-field_1\">  Imi\u0119  <span class=\"wpforms-required-label\" aria-hidden=\"true\">*<\/span><\/label><input type=\"text\" id=\"wpforms-741-field_1\" class=\"wpforms-field-large wpforms-field-required\" name=\"wpforms[fields][1]\" aria-errormessage=\"wpforms-741-field_1-error\" required><\/div>\t\t<div id=\"wpforms-741-field_5-container\"\n\t\t\tclass=\"wpforms-field wpforms-field-text\"\n\t\t\tdata-field-type=\"text\"\n\t\t\tdata-field-id=\"5\"\n\t\t\t>\n\t\t\t<label class=\"wpforms-field-label\" for=\"wpforms-741-field_5\" > celu w<\/label>\n\t\t\t<input type=\"text\" id=\"wpforms-741-field_5\" class=\"wpforms-field-medium\" name=\"wpforms[fields][5]\" >\n\t\t<\/div>\n\t\t<div id=\"wpforms-741-field_2-container\" class=\"wpforms-field wpforms-field-email\" data-field-id=\"2\"><label class=\"wpforms-field-label\" for=\"wpforms-741-field_2\">  Adres e-mail  <span class=\"wpforms-required-label\" aria-hidden=\"true\">*<\/span><\/label><input type=\"email\" id=\"wpforms-741-field_2\" class=\"wpforms-field-large wpforms-field-required\" name=\"wpforms[fields][2]\" spellcheck=\"false\" aria-errormessage=\"wpforms-741-field_2-error\" required><\/div><div id=\"wpforms-741-field_6-container\" class=\"wpforms-field wpforms-field-text\" data-field-id=\"6\"><label class=\"wpforms-field-label\" for=\"wpforms-741-field_6\">Numer telefonu  <span class=\"wpforms-required-label\" aria-hidden=\"true\">*<\/span><\/label><input type=\"text\" id=\"wpforms-741-field_6\" class=\"wpforms-field-medium wpforms-field-required\" name=\"wpforms[fields][6]\" aria-errormessage=\"wpforms-741-field_6-error\" required><\/div><div id=\"wpforms-741-field_3-container\" class=\"wpforms-field wpforms-field-textarea\" data-field-id=\"3\"><label class=\"wpforms-field-label\" for=\"wpforms-741-field_3\">  Wska\u017c specjalist\u0119 w celu um\u00f3wienia wizyty lub kr\u00f3tko opisz trudno\u015b\u0107, z kt\u00f3r\u0105 si\u0119 zg\u0142aszasz.<\/label><textarea id=\"wpforms-741-field_3\" class=\"wpforms-field-medium\" name=\"wpforms[fields][3]\" aria-errormessage=\"wpforms-741-field_3-error\" ><\/textarea><\/div><div id=\"wpforms-741-field_4-container\" class=\"wpforms-field wpforms-field-checkbox\" data-field-id=\"4\"><fieldset><legend class=\"wpforms-field-label\"><\/legend><ul id=\"wpforms-741-field_4\"><li class=\"choice-1 depth-1 wpforms-selected\"><input type=\"checkbox\" id=\"wpforms-741-field_4_1\" name=\"wpforms[fields][4][]\" value=\"Zapozna\u0142am\/em si\u0119 z &lt;a href=&quot;https:\/\/vertecentrum.pl\/index.php\/kontakt\/polityka-prywatnosci\/&quot;&gt;\u201epolityk\u0105 prywatno\u015bci\u201d.&lt;\/a&gt;\" aria-errormessage=\"wpforms-741-field_4_1-error\"   checked='checked'><label class=\"wpforms-field-label-inline\" for=\"wpforms-741-field_4_1\">Zapozna\u0142am\/em si\u0119 z <a href=\"https:\/\/vertecentrum.pl\/index.php\/kontakt\/polityka-prywatnosci\/\">\u201epolityk\u0105 prywatno\u015bci\u201d.<\/a><\/label><\/li><\/ul><\/fieldset><\/div><script>\n\t\t\t\t( function() {\n\t\t\t\t\tconst style = document.createElement( 'style' );\n\t\t\t\t\tstyle.appendChild( document.createTextNode( '#wpforms-741-field_5-container { position: absolute !important; overflow: hidden !important; display: inline !important; height: 1px !important; width: 1px !important; z-index: -1000 !important; padding: 0 !important; } #wpforms-741-field_5-container input { visibility: hidden; } #wpforms-conversational-form-page #wpforms-741-field_5-container label { counter-increment: none; }' ) );\n\t\t\t\t\tdocument.head.appendChild( style );\n\t\t\t\t\tdocument.currentScript?.remove();\n\t\t\t\t} )();\n\t\t\t<\/script><\/div><!-- .wpforms-field-container --><div class=\"wpforms-submit-container\" ><input type=\"hidden\" name=\"wpforms[id]\" value=\"741\"><input type=\"hidden\" name=\"page_title\" value=\"\"><input type=\"hidden\" name=\"page_url\" value=\"https:\/\/vertecentrum.pl\/index.php\/wp-json\/wp\/v2\/pages\/1367\"><input type=\"hidden\" name=\"url_referer\" value=\"\"><button type=\"submit\" name=\"wpforms[submit]\" id=\"wpforms-submit-741\" class=\"wpforms-submit\" data-alt-text=\"Wysy\u0142anie...\" data-submit-text=\"Um\u00f3w wizyt\u0119 \" aria-live=\"assertive\" value=\"wpforms-submit\">Um\u00f3w wizyt\u0119 <\/button><img decoding=\"async\" src=\"https:\/\/vertecentrum.pl\/wp-content\/plugins\/wpforms-lite\/assets\/images\/submit-spin.svg\" class=\"wpforms-submit-spinner\" style=\"display: none;\" width=\"26\" height=\"26\" alt=\"Wczytywanie\"><\/div><\/form><\/div>  <!-- .wpforms-container -->\t\t\t\t<\/div>\n\t\t\t\t<\/div>\n\t\t\t\t<\/div>\n\t\t\t\t<\/div>\n\t\t\t\t<\/div>\n\t\t\t\t\t<\/div>\n\t\t\t\t<\/div>\n\t\t\t\t<\/div>\n\t\t","protected":false},"excerpt":{"rendered":"<p>mgr Patrycja Kisielewska mgr Patrycja Kisielewska PSYCHOTERAPEUTA W TRAKCIE SZKOLENIA (DORO\u015aLI, DZIECI I M\u0141ODZIE\u017b) Wykszta\u0142cenie Jestem absolwentk\u0105 Uniwersytetu Jagiello\u0144skiego na kierunku Pedagogika specjalna ze specjalno\u015bci\u0105: resocjalizacja (licencjat). Tytu\u0142 magistra obroni\u0142am w 2023 roku na Uniwersytecie Komisji Edukacji Narodowej (kiedy\u015b: Uniwersytet Pedagogiczny) &#8211; resocjalizacja z penitencjarystyk\u0105. Obecnie jestem w trakcie szkolenia psychoterapeutycznego w nurcie psychodynamicznym w&hellip;&nbsp;<a href=\"https:\/\/vertecentrum.pl\/index.php\/z-patrycja-kisielewska\/\" rel=\"bookmark\">Dowiedz si\u0119 wi\u0119cej &raquo;<span class=\"screen-reader-text\">Z Patrycja Kisielewska<\/span><\/a><\/p>\n","protected":false},"author":1,"featured_media":0,"parent":0,"menu_order":0,"comment_status":"closed","ping_status":"closed","template":"","meta":{"neve_meta_sidebar":"","neve_meta_container":"","neve_meta_enable_content_width":"","neve_meta_content_width":0,"neve_meta_title_alignment":"","neve_meta_author_avatar":"","neve_post_elements_order":"","neve_meta_disable_header":"","neve_meta_disable_footer":"","neve_meta_disable_title":"","_themeisle_gutenberg_block_has_review":false,"footnotes":""},"class_list":["post-1367","page","type-page","status-publish","hentry"],"_links":{"self":[{"href":"https:\/\/vertecentrum.pl\/index.php\/wp-json\/wp\/v2\/pages\/1367","targetHints":{"allow":["GET"]}}],"collection":[{"href":"https:\/\/vertecentrum.pl\/index.php\/wp-json\/wp\/v2\/pages"}],"about":[{"href":"https:\/\/vertecentrum.pl\/index.php\/wp-json\/wp\/v2\/types\/page"}],"author":[{"embeddable":true,"href":"https:\/\/vertecentrum.pl\/index.php\/wp-json\/wp\/v2\/users\/1"}],"replies":[{"embeddable":true,"href":"https:\/\/vertecentrum.pl\/index.php\/wp-json\/wp\/v2\/comments?post=1367"}],"version-history":[{"count":19,"href":"https:\/\/vertecentrum.pl\/index.php\/wp-json\/wp\/v2\/pages\/1367\/revisions"}],"predecessor-version":[{"id":1617,"href":"https:\/\/vertecentrum.pl\/index.php\/wp-json\/wp\/v2\/pages\/1367\/revisions\/1617"}],"wp:attachment":[{"href":"https:\/\/vertecentrum.pl\/index.php\/wp-json\/wp\/v2\/media?parent=1367"}],"curies":[{"name":"wp","href":"https:\/\/api.w.org\/{rel}","templated":true}]}}